{"id":532,"date":"2024-08-14T09:37:43","date_gmt":"2024-08-14T08:37:43","guid":{"rendered":"https:\/\/aboronatadvocadamediadora.com\/serveis-de-mediacio\/"},"modified":"2024-10-08T16:16:48","modified_gmt":"2024-10-08T15:16:48","slug":"serveis-de-mediacio","status":"publish","type":"page","link":"https:\/\/aboronatadvocadamediadora.com\/ca\/serveis-de-mediacio\/","title":{"rendered":"Serveis de Mediaci\u00f3"},"content":{"rendered":"<div class=\"wpb-content-wrapper\"><p>[vc_row][vc_column][vc_custom_heading text=&#8221;ABoronat Advocada i Mediadora &#8211; Serveis de Mediaci\u00f3&#8221; font_container=&#8221;tag:h1|text_align:left&#8221; use_theme_fonts=&#8221;yes&#8221; el_class=&#8221;d-none&#8221;]<div class=\"porto-block\" data-id=\"543\"><style>.vc_custom_1723630575604{margin-bottom: 20px !important;}.wpb_custom_c86c2fb53cae9eced42d4b8900a042f3 .owl-item:not(.active){opacity: 0.5}.wpb_custom_c86c2fb53cae9eced42d4b8900a042f3{--porto-el-spacing: 0px;}<\/style>[vc_row full_width=\"stretch_row\" no_padding=\"yes\" el_class=\"mlh_slider overflow-hidden intro-section\" conditional_render=\"%5B%7B%22value_role%22%3A%22administrator%22%7D%5D\" el_id=\"slider\"][vc_column][vc_row_inner el_class=\"intro-banner\"][vc_column_inner el_class=\"h-100\"]<div class=\"porto-carousel owl-carousel has-ccols ccols-xl-1 ccols-lg-1 ccols-md-1 ccols-sm-1 ccols-1 custom-nav-style mb-0 h-100 wpb_custom_c86c2fb53cae9eced42d4b8900a042f3 nav-bottom\" data-plugin-options=\"{&quot;themeConfig&quot;:true,&quot;stagePadding&quot;:0,&quot;margin&quot;:0,&quot;autoplay&quot;:&quot;yes&quot;,&quot;mouseDrag&quot;:false,&quot;touchDrag&quot;:false,&quot;autoplayTimeout&quot;:6000,&quot;autoplayHoverPause&quot;:false,&quot;items&quot;:1,&quot;xl&quot;:1,&quot;lg&quot;:1,&quot;md&quot;:1,&quot;sm&quot;:1,&quot;xs&quot;:1,&quot;nav&quot;:&quot;yes&quot;,&quot;dots&quot;:false,&quot;animateIn&quot;:&quot;fadeIn&quot;,&quot;animateOut&quot;:&quot;fadeOut&quot;,&quot;loop&quot;:false,&quot;center&quot;:false,&quot;video&quot;:false,&quot;lazyLoad&quot;:false,&quot;fullscreen&quot;:false}\"><div class=\"porto-ibanner interactive-banner-wrap-07dd21040fa50768c9d370ae74e47015 mb-0 slide-1 mlh_slider_servicios\" style=\"background:#f2f2f2;\"><div class=\"banner-effect-wrapper\"><div class=\"banner-effect kenBurnsToRight\" style=\"background-image: url(https:\/\/aboronatadvocadamediadora.com\/wp-content\/uploads\/2024\/08\/slider_mediacion.jpg); background-size: cover;background-position: center;animation-duration: 20s;\"><\/div><\/div><img loading=\"lazy\" decoding=\"async\" alt=\"slider_mediacion\" width=\"2508\" height=\"1672\" class=\"porto-ibanner-img invisible\" src=\"https:\/\/aboronatadvocadamediadora.com\/wp-content\/uploads\/2024\/08\/slider_mediacion.jpg\" srcset=\"https:\/\/aboronatadvocadamediadora.com\/wp-content\/uploads\/2024\/08\/slider_mediacion.jpg 2508w, https:\/\/aboronatadvocadamediadora.com\/wp-content\/uploads\/2024\/08\/slider_mediacion-1024x683.jpg 1024w, https:\/\/aboronatadvocadamediadora.com\/wp-content\/uploads\/2024\/08\/slider_mediacion-768x512.jpg 768w, https:\/\/aboronatadvocadamediadora.com\/wp-content\/uploads\/2024\/08\/slider_mediacion-1536x1024.jpg 1536w, https:\/\/aboronatadvocadamediadora.com\/wp-content\/uploads\/2024\/08\/slider_mediacion-2048x1365.jpg 2048w, https:\/\/aboronatadvocadamediadora.com\/wp-content\/uploads\/2024\/08\/slider_mediacion-640x427.jpg 640w, https:\/\/aboronatadvocadamediadora.com\/wp-content\/uploads\/2024\/08\/slider_mediacion-400x267.jpg 400w\" sizes=\"auto, (max-width: 2508px) 100vw, 2508px\"><div class=\"porto-ibanner-desc no-padding d-flex\"><div class=\"container\"><div class=\"porto-ibanner-container\"><div class=\"porto-ibanner-layer wpb_custom_2c5109c031829f9c54153ed0e6239ff6 banner-pos-6b3c2689a2e824e6175779f33e65c3af\" style=\"width:100%;\">[vc_custom_heading text=\"Serveis de Mediaci\u00f3 a Barcelona\" font_container=\"tag:h2|font_size:50px|text_align:center|color:var(--porto-light-color)\" use_theme_fonts=\"yes\" css=\".vc_custom_1723630575604{margin-bottom: 20px !important;}\" text_transform=\"text-uppercase\" skin=\"light\"]<style>.banner-pos-6b3c2689a2e824e6175779f33e65c3af {left: 50%;right: unset;transform: translateX(-50%);bottom:10%; top: unset;}<\/style><\/div><\/div><\/div><\/div><\/div><\/div>[\/vc_column_inner][\/vc_row_inner][\/vc_column][\/vc_row]<\/div>[\/vc_column][\/vc_row][vc_row animation_duration=&#8221;1200&#8243; animation_delay=&#8221;200&#8243; css=&#8221;.vc_custom_1724666544917{margin-top: 50px !important;margin-bottom: 50px !important;}&#8221; conditional_render=&#8221;%5B%7B%22value_role%22%3A%22administrator%22%7D%5D&#8221; animation_type=&#8221;fadeIn&#8221;][vc_column][vc_custom_heading text=&#8221;Mediaci\u00f3 Familiar i Civil per a Resoluci\u00f3 de Conflictes&#8221; font_container=&#8221;tag:h2|font_size:32px|text_align:center|color:var(&#8211;porto-primary-color)|line_height:1.2em&#8221; use_theme_fonts=&#8221;yes&#8221; css=&#8221;.vc_custom_1723624558955{margin-bottom: 20px !important;}&#8221; text_transform=&#8221;text-uppercase&#8221;][vc_column_text css=&#8221;&#8221;]<strong>Ofereixo serveis de mediaci\u00f3<\/strong> que us ajudaran a <strong>resoldre conflictes de manera pac\u00edfica i efectiva.<\/strong> Com a <strong>mediadora professional<\/strong>, estic compromesa a oferir <strong>solucions adaptades a les seves necessitats legals<\/strong>. A <strong>Ana Boronat Advocada i Mediadora<\/strong>, ofereixo serveis especialitzats en dues \u00e0rees clau de mediaci\u00f3:[\/vc_column_text][\/vc_column][\/vc_row][vc_section css=&#8221;.vc_custom_1723627816173{margin-top: 50px !important;margin-bottom: 50px !important;}&#8221; conditional_render=&#8221;%5B%7B%22value_role%22%3A%22administrator%22%7D%5D&#8221;][vc_row el_id=&#8221;mediaci\u00f3&#8221; conditional_render=&#8221;%5B%7B%22condition_a%22%3A%22device%22%2C%22value_device%22%3A%22desktop%22%2C%22value_role%22%3A%22administrator%22%7D%5D&#8221;][vc_column offset=&#8221;vc_hidden-md vc_hidden-sm vc_hidden-xs&#8221; conditional_render=&#8221;%5B%7B%22value_role%22%3A%22administrator%22%7D%5D&#8221;][vc_row_inner gap=&#8221;20&#8243; equal_height=&#8221;yes&#8221;][vc_column_inner width=&#8221;1\/2&#8243; animation_duration=&#8221;1200&#8243; animation_delay=&#8221;200&#8243; animation_type=&#8221;fadeInLeft&#8221;][vc_custom_heading text=&#8221;Mediaci\u00f3 Familiar&#8221; font_container=&#8221;tag:h2|font_size:25px|text_align:center|color:var(&#8211;porto-tertiary-color)|line_height:1.1em&#8221; use_theme_fonts=&#8221;yes&#8221; css=&#8221;.vc_custom_1723625206207{margin-bottom: 15px !important;}&#8221; text_transform=&#8221;text-uppercase&#8221; letter_spacing=&#8221;0.1em&#8221;][vc_column_text css=&#8221;&#8221;]Els conflictes dins de les fam\u00edlies poden ser especialment  <strong>desafiadors i emotius. Trobarem solucions equitatives en assumptes relacionats amb la cust\u00f2dia dels fills, el divorci, la pensi\u00f3 aliment\u00e0ria i altres problemes familiars. <\/strong>  La meva experi\u00e8ncia us guiar\u00e0 a trav\u00e9s d&#8217;aquest proc\u00e9s, prioritzant el benestar de tots els membres de la fam\u00edlia.[\/vc_column_text][\/vc_column_inner][vc_column_inner width=&#8221;1\/2&#8243; animation_duration=&#8221;1200&#8243; animation_delay=&#8221;200&#8243; animation_type=&#8221;fadeInRight&#8221;][vc_custom_heading text=&#8221;Mediaci\u00f3 Civil&#8221; font_container=&#8221;tag:h2|font_size:25px|text_align:center|color:var(&#8211;porto-tertiary-color)|line_height:1.1em&#8221; use_theme_fonts=&#8221;yes&#8221; css=&#8221;.vc_custom_1723625213535{margin-bottom: 15px !important;}&#8221; text_transform=&#8221;text-uppercase&#8221; letter_spacing=&#8221;0.1em&#8221;][vc_column_text css=&#8221;&#8221;]Quan es tracta de <strong>disputes legals i civils<\/strong>, la mediaci\u00f3 pot ser una <strong>alternativa efectiva als llargs i costosos processos judicials<\/strong>. Li proporciono un espai neutral i confidencial perqu\u00e8 les parts en conflicte puguin <strong>dialogar i trobar solucions m\u00fatuament satisfact\u00f2ries<\/strong>. Ja sigui que estigui bregant amb <strong>disputes contractuals, conflictes ve\u00efnals o problemes empresarials<\/strong>, la mediaci\u00f3 civil us brindar\u00e0 una via eficient per resoldre la seva situaci\u00f3 legal.[\/vc_column_text][\/vc_column_inner][vc_column_inner width=&#8221;1\/2&#8243; animation_duration=&#8221;1200&#8243; animation_delay=&#8221;200&#8243; animation_type=&#8221;fadeInLeft&#8221;][vc_single_image image=&#8221;364&#8243; img_size=&#8221;full&#8221; alignment=&#8221;center&#8221; css=&#8221;&#8221; img_object=&#8221;fill&#8221;][\/vc_column_inner][vc_column_inner width=&#8221;1\/2&#8243; animation_duration=&#8221;1200&#8243; animation_delay=&#8221;200&#8243; animation_type=&#8221;fadeInRight&#8221;][vc_single_image image=&#8221;365&#8243; img_size=&#8221;full&#8221; alignment=&#8221;center&#8221; css=&#8221;&#8221;][\/vc_column_inner][vc_column_inner animation_duration=&#8221;1200&#8243; animation_delay=&#8221;200&#8243; css=&#8221;.vc_custom_1724666643431{margin-top: 20px !important;}&#8221; animation_type=&#8221;fadeIn&#8221;][vc_column_text css=&#8221;&#8221;]A <strong>Ana Boronat Advocada i Mediadora<\/strong>, ens enorgulleix ajudar les persones a<strong> trobar solucions justes i duradores<\/strong> a trav\u00e9s de la mediaci\u00f3. El nostre <strong>enfocament personalitzat, combinat<\/strong> amb el nostre <strong>coneixement legal<\/strong>, ens permet ser un recurs valu\u00f3s per a aquells que busquen resoldre conflictes de manera col\u00b7laborativa.[\/vc_column_text][\/vc_column_inner][\/vc_row_inner][\/vc_column][\/vc_row][vc_row][vc_column offset=&#8221;vc_hidden-xl vc_hidden-lg&#8221; conditional_render=&#8221;%5B%7B%22value_role%22%3A%22administrator%22%7D%5D&#8221;][vc_row_inner animation_duration=&#8221;1200&#8243; animation_delay=&#8221;200&#8243; animation_type=&#8221;fadeInLeft&#8221;][vc_column_inner][vc_custom_heading text=&#8221;Mediaci\u00f3 Familiar&#8221; font_container=&#8221;tag:h2|font_size:25px|text_align:center|color:var(&#8211;porto-tertiary-color)|line_height:1.1em&#8221; use_theme_fonts=&#8221;yes&#8221; css=&#8221;.vc_custom_1723625206207{margin-bottom: 15px !important;}&#8221; text_transform=&#8221;text-uppercase&#8221; letter_spacing=&#8221;0.1em&#8221;][vc_column_text css=&#8221;&#8221;]Els conflictes dins de les fam\u00edlies poden ser especialment  <strong>desafiadors i emotius. Trobarem solucions equitatives en assumptes relacionats amb la cust\u00f2dia dels fills, el divorci, la pensi\u00f3 aliment\u00e0ria i altres problemes familiars. <\/strong>  La meva experi\u00e8ncia us guiar\u00e0 a trav\u00e9s d&#8217;aquest proc\u00e9s, prioritzant el benestar de tots els membres de la fam\u00edlia.[\/vc_column_text][vc_empty_space height=&#8221;15px&#8221;][vc_single_image image=&#8221;364&#8243; img_size=&#8221;full&#8221; alignment=&#8221;center&#8221; css=&#8221;&#8221; img_object=&#8221;fill&#8221;][vc_empty_space height=&#8221;25px&#8221;][\/vc_column_inner][\/vc_row_inner][vc_row_inner animation_duration=&#8221;1200&#8243; animation_delay=&#8221;200&#8243; animation_type=&#8221;fadeInRight&#8221;][vc_column_inner][vc_custom_heading text=&#8221;Mediaci\u00f3 Civil&#8221; font_container=&#8221;tag:h2|font_size:25px|text_align:center|color:var(&#8211;porto-tertiary-color)|line_height:1.1em&#8221; use_theme_fonts=&#8221;yes&#8221; css=&#8221;.vc_custom_1723625213535{margin-bottom: 15px !important;}&#8221; text_transform=&#8221;text-uppercase&#8221; letter_spacing=&#8221;0.1em&#8221;][vc_column_text css=&#8221;&#8221;]Quan es tracta de <strong>disputes legals i civils<\/strong>, la mediaci\u00f3 pot ser una <strong>alternativa efectiva als llargs i costosos processos judicials<\/strong>. Li proporciono un espai neutral i confidencial perqu\u00e8 les parts en conflicte puguin <strong>dialogar i trobar solucions m\u00fatuament satisfact\u00f2ries<\/strong>. Ja sigui que estigui bregant amb <strong>disputes contractuals, conflictes ve\u00efnals o problemes empresarials<\/strong>, la mediaci\u00f3 civil us brindar\u00e0 una via eficient per resoldre la seva situaci\u00f3 legal.[\/vc_column_text][vc_empty_space height=&#8221;15px&#8221;][vc_single_image image=&#8221;365&#8243; img_size=&#8221;full&#8221; alignment=&#8221;center&#8221; css=&#8221;&#8221;][vc_empty_space height=&#8221;25px&#8221;][\/vc_column_inner][\/vc_row_inner][vc_column_text css=&#8221;&#8221;]A <strong>Ana Boronat Advocada i Mediadora<\/strong>, ens enorgulleix ajudar les persones a<strong> trobar solucions justes i duradores<\/strong> a trav\u00e9s de la mediaci\u00f3. El nostre <strong>enfocament personalitzat, combinat<\/strong> amb el nostre <strong>coneixement legal<\/strong>, ens permet ser un recurs valu\u00f3s per a aquells que busquen resoldre conflictes de manera col\u00b7laborativa.[\/vc_column_text][\/vc_column][\/vc_row][\/vc_section][vc_section full_width=&#8221;stretch_row&#8221; el_id=&#8221;cta&#8221; css=&#8221;.vc_custom_1723626188962{background-image: url(https:\/\/aboronatadvocadamediadora.com\/wp-content\/uploads\/2024\/08\/fondo_cta.jpg?id=306) !important;}&#8221; conditional_render=&#8221;%5B%7B%22value_role%22%3A%22administrator%22%7D%5D&#8221;][vc_row][vc_column css=&#8221;.vc_custom_1723626156560{padding-top: 50px !important;padding-bottom: 50px !important;}&#8221; conditional_render=&#8221;%5B%7B%22value_role%22%3A%22administrator%22%7D%5D&#8221;][vc_column_text css=&#8221;&#8221; text_color=&#8221;var(&#8211;porto-light-color)&#8221; text_typography=&#8221;{&#8220;family&#8220;:&#8220;Abel&#8220;,&#8220;variant&#8220;:&#8220;Default&#8220;,&#8220;font_size&#8220;:&#8220;46px&#8220;,&#8220;line_height&#8220;:&#8220;1.1em&#8220;,&#8220;letter_spacing&#8220;:&#8220;&#8220;,&#8220;text_transform&#8220;:&#8220;uppercase&#8220;}&#8221; css_params=&#8221;&#8221;]<\/p>\n<p style=\"text-align: center;\"><span style=\"font-size: 46px;\">Resol els seus conflictes de manera pac\u00edfica i efectiva! <a style=\"color: #bc7858;\" href=\"https:\/\/aboronatadvocadamediadora.com\/ca\/contacte\/\" data-track-event=\"click\" data-track-action=\"internal_link_clicked\">CONTACTE AVUI MATEIX<\/a> per obtenir m\u00e9s informaci\u00f3 sobre els meus serveis de mediaci\u00f3.<\/span><\/p>\n<p>[\/vc_column_text][\/vc_column][\/vc_row][\/vc_section]<\/p>\n<\/div>","protected":false},"excerpt":{"rendered":"<p>[vc_row][vc_column][vc_custom_heading text=&#8221;ABoronat Advocada i Mediadora &#8211; Serveis de Mediaci\u00f3&#8221; font_container=&#8221;tag:h1|text_align:left&#8221; use_theme_fonts=&#8221;yes&#8221; el_class=&#8221;d-none&#8221;][\/vc_column][\/vc_row][vc_row animation_duration=&#8221;1200&#8243; animation_delay=&#8221;200&#8243; css=&#8221;.vc_custom_1724666544917{margin-top: 50px !important;margin-bottom: 50px !important;}&#8221; conditional_render=&#8221;%5B%7B%22value_role%22%3A%22administrator%22%7D%5D&#8221; animation_type=&#8221;fadeIn&#8221;][vc_column][vc_custom_heading text=&#8221;Mediaci\u00f3 Familiar i Civil per a Resoluci\u00f3 de Conflictes&#8221; font_container=&#8221;tag:h2|font_size:32px|text_align:center|color:var(&#8211;porto-primary-color)|line_height:1.2em&#8221; use_theme_fonts=&#8221;yes&#8221; css=&#8221;.vc_custom_1723624558955{margin-bottom: 20px !important;}&#8221; text_transform=&#8221;text-uppercase&#8221;][vc_column_text css=&#8221;&#8221;]Ofereixo serveis de mediaci\u00f3 que us ajudaran a resoldre conflictes de manera pac\u00edfica i efectiva. Com a mediadora professional, [&hellip;]<\/p>\n","protected":false},"author":4,"featured_media":0,"parent":0,"menu_order":0,"comment_status":"closed","ping_status":"closed","template":"","meta":{"_seopress_robots_primary_cat":"","_seopress_titles_title":"","_seopress_titles_desc":"Serveis de mediaci\u00f3 professional per resoldre conflictes familiars i civils. Facilitem acords extrajudicials de manera eficient i confidencial. ","_seopress_robots_index":"","_joinchat":[],"footnotes":""},"class_list":["post-532","page","type-page","status-publish","hentry"],"_links":{"self":[{"href":"https:\/\/aboronatadvocadamediadora.com\/ca\/wp-json\/wp\/v2\/pages\/532","targetHints":{"allow":["GET"]}}],"collection":[{"href":"https:\/\/aboronatadvocadamediadora.com\/ca\/wp-json\/wp\/v2\/pages"}],"about":[{"href":"https:\/\/aboronatadvocadamediadora.com\/ca\/wp-json\/wp\/v2\/types\/page"}],"author":[{"embeddable":true,"href":"https:\/\/aboronatadvocadamediadora.com\/ca\/wp-json\/wp\/v2\/users\/4"}],"replies":[{"embeddable":true,"href":"https:\/\/aboronatadvocadamediadora.com\/ca\/wp-json\/wp\/v2\/comments?post=532"}],"version-history":[{"count":2,"href":"https:\/\/aboronatadvocadamediadora.com\/ca\/wp-json\/wp\/v2\/pages\/532\/revisions"}],"predecessor-version":[{"id":604,"href":"https:\/\/aboronatadvocadamediadora.com\/ca\/wp-json\/wp\/v2\/pages\/532\/revisions\/604"}],"wp:attachment":[{"href":"https:\/\/aboronatadvocadamediadora.com\/ca\/wp-json\/wp\/v2\/media?parent=532"}],"curies":[{"name":"wp","href":"https:\/\/api.w.org\/{rel}","templated":true}]}}