{"id":526,"date":"2022-05-02T14:23:29","date_gmt":"2022-05-02T13:23:29","guid":{"rendered":"https:\/\/aboronatadvocadamediadora.com\/politica-de-privadesa-i-avis-legal\/"},"modified":"2024-10-08T16:16:48","modified_gmt":"2024-10-08T15:16:48","slug":"politica-de-privadesa-i-avis-legal","status":"publish","type":"page","link":"https:\/\/aboronatadvocadamediadora.com\/ca\/politica-de-privadesa-i-avis-legal\/","title":{"rendered":"Pol\u00edtica de Privadesa i Av\u00eds Legal"},"content":{"rendered":"<div class=\"wpb-content-wrapper\"><p>[vc_section css=&#8221;.vc_custom_1724756154810{margin-top: 50px !important;margin-bottom: 50px !important;}&#8221; conditional_render=&#8221;%5B%7B%22value_role%22%3A%22administrator%22%7D%5D&#8221;][vc_row][vc_column][vc_custom_heading text=&#8221;Pol\u00edtica de Privacitat i Av\u00eds Legal&#8221; font_container=&#8221;tag:h1|font_size:50px|text_align:center&#8221; use_theme_fonts=&#8221;yes&#8221; el_class=&#8221;d-none&#8221; css_params=&#8221;&#8221;][\/vc_column][\/vc_row][vc_row conditional_render=&#8221;%5B%7B%22value_role%22%3A%22administrator%22%7D%5D&#8221; el_id=&#8221;avis-legal&#8221;][vc_column][vc_custom_heading text=&#8221;Av\u00eds Legal&#8221; font_container=&#8221;tag:h2|font_size:50px|text_align:left|color:var(&#8211;porto-primary-color)|line_height:1.2em&#8221; use_theme_fonts=&#8221;yes&#8221; font_family=&#8221;Abel&#8221; text_transform=&#8221;text-uppercase&#8221;][vc_column_text css=&#8221;&#8221; text_typography=&#8221;{&#8220;family&#8220;:&#8220;Open Sans&#8220;,&#8220;variant&#8220;:&#8220;Default&#8220;,&#8220;font_size&#8220;:&#8220;16px&#8220;,&#8220;line_height&#8220;:&#8220;1.2em&#8220;,&#8220;letter_spacing&#8220;:&#8220;&#8220;,&#8220;text_transform&#8220;:&#8220;none&#8220;}&#8221;]<\/p>\n<ol>\n<li>El titular d&#8217;aquest lloc web \u00e9s ANA BELEN BORONAT GALLARDO, amb N.I.F. 37385689V, amb domicili a Carrer Bellaire, 23 LOCAL- Malgrat de Mar ( 08380 BARCELONA ).<\/li>\n<li>L&#8217;acc\u00e9s al lloc web d&#8217;ANA BELEN BORONAT GALLARDO \u00e9s gratu\u00eft. Tot el contingut \u00e9s propietat intel\u00b7lectual de ANA BELEN BORONAT GALLARDO. Qualsevol utilitzaci\u00f3 dels mateixos contr\u00e0ria a les normes en mat\u00e8ria de propietat intel\u00b7lectual ser\u00e0 perseguida d&#8217;acord amb la legislaci\u00f3 vigent.  <\/li>\n<\/ol>\n<p>[\/vc_column_text][vc_empty_space height=&#8221;50px&#8221;][\/vc_column][\/vc_row][vc_row el_id=&#8221;politica-privacitat&#8221; conditional_render=&#8221;%5B%7B%22value_role%22%3A%22administrator%22%7D%5D&#8221;][vc_column][vc_custom_heading text=&#8221;Pol\u00edtica de Privadesa&#8221; font_container=&#8221;tag:h2|font_size:50px|text_align:left|color:var(&#8211;porto-primary-color)|line_height:1.2em&#8221; use_theme_fonts=&#8221;yes&#8221; font_family=&#8221;Abel&#8221; text_transform=&#8221;text-uppercase&#8221;][vc_column_text css=&#8221;&#8221; text_typography=&#8221;{&#8220;family&#8220;:&#8220;Open Sans&#8220;,&#8220;variant&#8220;:&#8220;Default&#8220;,&#8220;font_size&#8220;:&#8220;16px&#8220;,&#8220;line_height&#8220;:&#8220;1.2em&#8220;,&#8220;letter_spacing&#8220;:&#8220;&#8220;,&#8220;text_transform&#8220;:&#8220;none&#8220;}&#8221;]\u00daS I TRACTAMENT DE DADES DE CAR\u00c0CTER PERSONAL<\/p>\n<p>&nbsp;<\/p>\n<p>Us informem que les dades de car\u00e0cter personal que poguessin proporcionar-se, a trav\u00e9s d&#8217;aquest lloc web, aix\u00ed com les que pogu\u00e9s facilitar en el futur en el marc de la seva relaci\u00f3 jur\u00eddica amb aquesta entitat, seran incorporades a la nostra base de dades.<\/p>\n<p>&nbsp;<\/p>\n<p>S&#8217;informa sobre els extrems seg\u00fcents relatius a la protecci\u00f3 de dades:<\/p>\n<p>&nbsp;<\/p>\n<ol>\n<li><strong>Responsable del tractament: <\/strong>Som responsables de les dades recollides al formulari corresponent.<\/li>\n<li><strong>Necessitat del tractament: <\/strong>La comunicaci\u00f3 de les vostres dades a trav\u00e9s del formulari corresponent \u00e9s obligat\u00f2ria per a poder contactar.<\/li>\n<li><strong>Finalitats del tractament i legitimaci\u00f3 del tractament:<\/strong>\n<ul>\n<li style=\"list-style-type: none;\">\n<ul>\n<li>Gestionar, administrar, prestar-li els serveis o facilitar-li els productes que sol\u00b7liciti i, si escau, per al compliment i execuci\u00f3 dels contractes que pogu\u00e9s subscriure, con\u00e8ixer millor els seus gustos, adequar els serveis a les seves prefer\u00e8ncies.<\/li>\n<li>Enviar-lo, per correu postal, correu electr\u00f2nic i altres mitjans de comunicaci\u00f3 electr\u00f2nica equivalent, comunicacions comercials i publicit\u00e0ries sobre els nostres productes i\/o serveis.<\/li>\n<\/ul>\n<\/li>\n<\/ul>\n<\/li>\n<li><strong>Destinataris:<\/strong> Contractem amb alguna entitat que presten serveis com els de manteniment i hosting, a trav\u00e9s de contractes d&#8217;enc\u00e0rrec del tractament per donar suport als fins de tractament indicats.<\/li>\n<li><strong>Termini de conservaci\u00f3 de dades: <\/strong>Conservarem les vostres dades mentre es mantingui el tractament i no sol\u00b7liciteu la supressi\u00f3 de les dades.<\/li>\n<li><strong>Drets: <\/strong>Podr\u00e0 exercitar els drets d&#8217;acc\u00e9s, rectificaci\u00f3, supressi\u00f3, limitaci\u00f3 al tractament, oposici\u00f3, portabilitat i dret a no ser objecte d&#8217;una decisi\u00f3 basada \u00fanicament en el tractament automatitzat, mitjan\u00e7ant comunicaci\u00f3 escrita al domicili indicat a l&#8217;av\u00eds legal ia revocar-ne el consentiment sense efectes retroactius o oposar-se a la recepci\u00f3 de comunicacions comercials publicit\u00e0ries per correu electr\u00f2nic i altres mitjans de comunicaci\u00f3 electr\u00f2nica equivalent, enviant i presentar una reclamaci\u00f3 davant l&#8217;Autoritat de control, a Espanya, l&#8217;Ag\u00e8ncia Espanyola de Protecci\u00f3 de Dades.<\/li>\n<li><strong>Modificaci\u00f3 de la pol\u00edtica de privadesa: <\/strong>Ens reservem el dret a modificar la seva Pol\u00edtica de Privadesa, d&#8217;acord amb el nostre propi criteri, o motivat per un canvi doctrinal de l&#8217;Autoritat competent en Protecci\u00f3 de Dades, legislatiu o jurisprudencial. L&#8217;\u00fas del web despr\u00e9s dels canvis esmentats implicar\u00e0 l&#8217;acceptaci\u00f3 d&#8217;aquests. <\/li>\n<li><strong>Legislaci\u00f3 aplicable:<\/strong> Qualsevol controv\u00e8rsia que es derivi de l\u00fas daquest Site, ser\u00e0 regida, interpretada i sotmesa dacord amb les lleis dEspanya.<\/li>\n<\/ol>\n<p>[\/vc_column_text][vc_empty_space height=&#8221;50px&#8221;][\/vc_column][\/vc_row][vc_row el_id=&#8221;accessibilitat&#8221; conditional_render=&#8221;%5B%7B%22value_role%22%3A%22administrator%22%7D%5D&#8221;][vc_column][vc_custom_heading text=&#8221;Declaraci\u00f3 d&apos;Accessibilitat&#8221; font_container=&#8221;tag:h2|font_size:50px|text_align:left|color:var(&#8211;porto-primary-color)|line_height:1.2em&#8221; use_theme_fonts=&#8221;yes&#8221; font_family=&#8221;Abel&#8221; text_transform=&#8221;text-uppercase&#8221;][vc_empty_space height=&#8221;25px&#8221;][vc_custom_heading text=&#8221;POL\u00cdTICA D&apos;ACCESSIBILITAT&#8221; font_container=&#8221;tag:h3|font_size:18px|text_align:left|color:%23000000&#8243; use_theme_fonts=&#8221;yes&#8221; font_family=&#8221;Abel&#8221; text_transform=&#8221;text-uppercase&#8221; el_class=&#8221;text-decoration-underline&#8221;][vc_empty_space height=&#8221;25px&#8221;][vc_column_text css=&#8221;&#8221; text_typography=&#8221;{&#8220;family&#8220;:&#8220;Open Sans&#8220;,&#8220;variant&#8220;:&#8220;Default&#8220;,&#8220;font_size&#8220;:&#8220;16px&#8220;,&#8220;line_height&#8220;:&#8220;1.2em&#8220;,&#8220;letter_spacing&#8220;:&#8220;&#8220;,&#8220;text_transform&#8220;:&#8220;none&#8220;}&#8221;]L&#8217;empresa <strong>ANA BELEN BORONAT GALLARDO <\/strong>s&#8217;ha comprom\u00e8s a fer accessible el vostre lloc web de conformitat amb el Reial Decret 1112\/2018, de 7 de setembre, sobre accessibilitat dels llocs web i aplicacions per a dispositius m\u00f2bils del sector p\u00fablic, o desenvolupaments finan\u00e7ats des d&#8217;Europa .<\/p>\n<p>&nbsp;<\/p>\n<p>Aquesta declaraci\u00f3 d&#8217;accessibilitat s&#8217;aplica al lloc web <a href=\"https:\/\/aboronatadvocadamediadora.com\/ca\/\"><strong>www.aboronatadvocadamediadora.com<\/strong><\/a>, excloent-ne els continguts incrustats provinents d&#8217;altres dominis.[\/vc_column_text][vc_empty_space height=&#8221;25px&#8221;][vc_custom_heading text=&#8221;SITUACI\u00d3 DE COMPLIMENT&#8221; font_container=&#8221;tag:h3|font_size:18px|text_align:left|color:%23000000&#8243; use_theme_fonts=&#8221;yes&#8221; font_family=&#8221;Abel&#8221; text_transform=&#8221;text-uppercase&#8221; el_class=&#8221;text-decoration-underline&#8221;][vc_empty_space height=&#8221;25px&#8221;][vc_column_text css=&#8221;&#8221; text_typography=&#8221;{&#8220;family&#8220;:&#8220;Open Sans&#8220;,&#8220;variant&#8220;:&#8220;Default&#8220;,&#8220;font_size&#8220;:&#8220;16px&#8220;,&#8220;line_height&#8220;:&#8220;&#8220;,&#8220;letter_spacing&#8220;:&#8220;&#8220;,&#8220;text_transform&#8220;:&#8220;none&#8220;}&#8221;]Aquest lloc web \u00e9s<strong> Parcialment Conformi <\/strong>amb el RD 1112\/2018 a causa de la manca de conformitat dels aspectes que s&#8217;indiquen a continuaci\u00f3.[\/vc_column_text][vc_empty_space height=&#8221;25px&#8221;][vc_custom_heading text=&#8221;CONTINGUT NO ACCESSIBLE&#8221; font_container=&#8221;tag:h3|font_size:18px|text_align:left|color:%23000000&#8243; use_theme_fonts=&#8221;yes&#8221; font_family=&#8221;Abel&#8221; text_transform=&#8221;text-uppercase&#8221; el_class=&#8221;text-decoration-underline&#8221;][vc_empty_space height=&#8221;25px&#8221;][vc_column_text css=&#8221;&#8221; text_typography=&#8221;{&#8220;family&#8220;:&#8220;Open Sans&#8220;,&#8220;variant&#8220;:&#8220;Default&#8220;,&#8220;font_size&#8220;:&#8220;16px&#8220;,&#8220;line_height&#8220;:&#8220;1.2em&#8220;,&#8220;letter_spacing&#8220;:&#8220;&#8220;,&#8220;text_transform&#8220;:&#8220;none&#8220;}&#8221;]El contingut que es recull a continuaci\u00f3 no \u00e9s accessible pels motius seg\u00fcents:<\/p>\n<ul>\n<li>Manca de conformitat:\n<ul>\n<li>Algunes de les p\u00e0gines no tenen definit el t\u00edtol correctament &#8211; Requisit n\u00famero 9.2.4.2 Titulat de p\u00e0gines d&#8217;UNE-EN 301549:2022<\/li>\n<li>Poden existir algunes imatges l&#8217;alternativa de les quals no estigui implementada o no sigui correcta &#8211; \u2013 Requisit 9.1.1.1 Contingut no textual UNE-EN 301549:2022<\/li>\n<li>Poden existir encap\u00e7alaments que no siguin clars o breus, o que no haurien de ser encap\u00e7alats \u2013 Requisit n\u00famero 9.2.4.6 Encap\u00e7alats i etiquetes d&#8217;UNE-EN 301549:2022<\/li>\n<li>Pot haver-hi camps de formulari on la vostra etiqueta no sigui correcta o no existeixi \u2013 Requisit n\u00famero 9.2.5.3 Inclusi\u00f3 de l&#8217;etiqueta al nom d&#8217;UNE-EN 301549:2022 i requisit 9.3.3.2 Etiquetes o instruccions d&#8217;UNE-EN 301549:2022<\/li>\n<li>Podrien haver-hi errors puntuals d&#8217;edici\u00f3 en alguna p\u00e0gina web.<\/li>\n<\/ul>\n<\/li>\n<li>C\u00e0rrega desproporcionada: No \u00e9s aplicable.<\/li>\n<li>El contingut no entra dins l\u00e0mbit de la legislaci\u00f3 aplicable.<\/li>\n<\/ul>\n<p>Podrien existir fitxers ofim\u00e0tics en PDF o altres formats publicats abans del 20 de setembre de 2018 que no compleixin \u00edntegrament tots els requisits d&#8217;accessibilitat.<\/p>\n<p>Hi pot haver continguts de tercers que no estiguin desenvolupats en aquesta Unitat, ni sota el seu control, com a fitxers ofim\u00e0tics de diferents organismes que s&#8217;hagin de publicar en aquest lloc.[\/vc_column_text][vc_empty_space height=&#8221;25px&#8221;][vc_custom_heading text=&#8221;CONTINGUT NO ACCESSIBLE&#8221; font_container=&#8221;tag:h3|font_size:18px|text_align:left|color:%23000000&#8243; use_theme_fonts=&#8221;yes&#8221; font_family=&#8221;Abel&#8221; text_transform=&#8221;text-uppercase&#8221; el_class=&#8221;text-decoration-underline&#8221;][vc_empty_space height=&#8221;25px&#8221;][vc_column_text css=&#8221;&#8221; text_typography=&#8221;{&#8220;family&#8220;:&#8220;Open Sans&#8220;,&#8220;variant&#8220;:&#8220;Default&#8220;,&#8220;font_size&#8220;:&#8220;16px&#8220;,&#8220;line_height&#8220;:&#8220;1.2em&#8220;,&#8220;letter_spacing&#8220;:&#8220;&#8220;,&#8220;text_transform&#8220;:&#8220;none&#8220;}&#8221;]Podeu realitzar comunicacions sobre requisits d&#8217;accessibilitat [article 10.2.a) del RD 1112\/2018 com, per exemple:<\/p>\n<ul>\n<li>Informar sobre qualsevol possible incompliment per part daquest lloc web.<\/li>\n<li>Transmetre altres dificultats dacc\u00e9s al contingut.<\/li>\n<li>Formular qualsevol altra consulta o suggeriment de millora relativa a l&#8217;accessibilitat del lloc web trucant al tel\u00e8fon 630503144.<\/li>\n<\/ul>\n<p>Podeu presentar:<\/p>\n<ul>\n<li>Una queixa relativa al compliment dels requisits del RD 1112\/2018<\/li>\n<li>Una sol\u00b7licitud d&#8217;informaci\u00f3 accessible relativa a:\n<ul>\n<li>Continguts que estan exclosos de l\u00e0mbit daplicaci\u00f3 del RD 1112\/2018 segons el que estableix larticle 3, apartat 4.<\/li>\n<li>Continguts que estan exempts del compliment dels requisits daccessibilitat per imposar una c\u00e0rrega desproporcionada.<\/li>\n<\/ul>\n<\/li>\n<\/ul>\n<p>A la sol\u00b7licitud d&#8217;informaci\u00f3 accessible, cal concretar, amb tota claredat, els fets, les raons i la petici\u00f3 que permetin constatar que es tracta d&#8217;una sol\u00b7licitud raonable i leg\u00edtima.[\/vc_column_text][vc_empty_space height=&#8221;50px&#8221;][\/vc_column][\/vc_row][\/vc_section]<\/p>\n<\/div>","protected":false},"excerpt":{"rendered":"<p>[vc_section css=&#8221;.vc_custom_1724756154810{margin-top: 50px !important;margin-bottom: 50px !important;}&#8221; conditional_render=&#8221;%5B%7B%22value_role%22%3A%22administrator%22%7D%5D&#8221;][vc_row][vc_column][vc_custom_heading text=&#8221;Pol\u00edtica de Privacitat i Av\u00eds Legal&#8221; font_container=&#8221;tag:h1|font_size:50px|text_align:center&#8221; use_theme_fonts=&#8221;yes&#8221; el_class=&#8221;d-none&#8221; css_params=&#8221;&#8221;][\/vc_column][\/vc_row][vc_row conditional_render=&#8221;%5B%7B%22value_role%22%3A%22administrator%22%7D%5D&#8221; el_id=&#8221;avis-legal&#8221;][vc_column][vc_custom_heading text=&#8221;Av\u00eds Legal&#8221; font_container=&#8221;tag:h2|font_size:50px|text_align:left|color:var(&#8211;porto-primary-color)|line_height:1.2em&#8221; use_theme_fonts=&#8221;yes&#8221; font_family=&#8221;Abel&#8221; text_transform=&#8221;text-uppercase&#8221;][vc_column_text css=&#8221;&#8221; text_typography=&#8221;{&#8220;family&#8220;:&#8220;Open Sans&#8220;,&#8220;variant&#8220;:&#8220;Default&#8220;,&#8220;font_size&#8220;:&#8220;16px&#8220;,&#8220;line_height&#8220;:&#8220;1.2em&#8220;,&#8220;letter_spacing&#8220;:&#8220;&#8220;,&#8220;text_transform&#8220;:&#8220;none&#8220;}&#8221;] El titular d&#8217;aquest lloc web \u00e9s ANA BELEN BORONAT GALLARDO, amb N.I.F. 37385689V, amb domicili a Carrer Bellaire, 23 LOCAL- Malgrat de Mar ( 08380 BARCELONA ). [&hellip;]<\/p>\n","protected":false},"author":1,"featured_media":0,"parent":0,"menu_order":0,"comment_status":"closed","ping_status":"closed","template":"","meta":{"_seopress_robots_primary_cat":"","_seopress_titles_title":"%%post_title%% %%sep%% %%sitetitle%%, %%tagline%%","_seopress_titles_desc":"Informaci\u00f3 sobre la nostra pol\u00edtica de privadesa i av\u00eds legal. Coneix com protegim les teves dades i els teus drets com a client.","_seopress_robots_index":"","_joinchat":[],"footnotes":""},"class_list":["post-526","page","type-page","status-publish","hentry"],"_links":{"self":[{"href":"https:\/\/aboronatadvocadamediadora.com\/ca\/wp-json\/wp\/v2\/pages\/526","targetHints":{"allow":["GET"]}}],"collection":[{"href":"https:\/\/aboronatadvocadamediadora.com\/ca\/wp-json\/wp\/v2\/pages"}],"about":[{"href":"https:\/\/aboronatadvocadamediadora.com\/ca\/wp-json\/wp\/v2\/types\/page"}],"author":[{"embeddable":true,"href":"https:\/\/aboronatadvocadamediadora.com\/ca\/wp-json\/wp\/v2\/users\/1"}],"replies":[{"embeddable":true,"href":"https:\/\/aboronatadvocadamediadora.com\/ca\/wp-json\/wp\/v2\/comments?post=526"}],"version-history":[{"count":2,"href":"https:\/\/aboronatadvocadamediadora.com\/ca\/wp-json\/wp\/v2\/pages\/526\/revisions"}],"predecessor-version":[{"id":605,"href":"https:\/\/aboronatadvocadamediadora.com\/ca\/wp-json\/wp\/v2\/pages\/526\/revisions\/605"}],"wp:attachment":[{"href":"https:\/\/aboronatadvocadamediadora.com\/ca\/wp-json\/wp\/v2\/media?parent=526"}],"curies":[{"name":"wp","href":"https:\/\/api.w.org\/{rel}","templated":true}]}}